{"id":34,"date":"2025-01-04T09:39:00","date_gmt":"2025-01-04T09:39:00","guid":{"rendered":"https:\/\/gaborseregelyes.com\/?page_id=34"},"modified":"2025-01-09T10:18:24","modified_gmt":"2025-01-09T10:18:24","slug":"about-me-gabor-seregelyes-photographer","status":"publish","type":"page","link":"https:\/\/gaborseregelyes.com\/hu\/about-me-gabor-seregelyes-photographer\/","title":{"rendered":"Magamr\u00f3l"},"content":{"rendered":"<div data-elementor-type=\"wp-page\" data-elementor-id=\"34\" class=\"elementor elementor-34\" data-elementor-post-type=\"page\">\n\t\t\t\t\t\t<section class=\"elementor-section elementor-top-section elementor-element elementor-element-7a07205c elementor-section-height-min-height elementor-section-items-stretch elementor-section-content-middle elementor-reverse-mobile elementor-section-boxed elementor-section-height-default\" data-id=\"7a07205c\" data-element_type=\"section\" data-settings=\"{&quot;background_background&quot;:&quot;classic&quot;}\">\n\t\t\t\t\t\t<div class=\"elementor-container elementor-column-gap-no\">\n\t\t\t\t\t<div class=\"elementor-column elementor-col-100 elementor-top-column elementor-element elementor-element-395e0fe1\" data-id=\"395e0fe1\" data-element_type=\"column\" data-settings=\"{&quot;background_background&quot;:&quot;classic&quot;}\">\n\t\t\t<div class=\"elementor-widget-wrap elementor-element-populated\">\n\t\t\t\t\t\t<div class=\"elementor-element elementor-element-11b30bfd elementor-invisible elementor-widget elementor-widget-image\" data-id=\"11b30bfd\" data-element_type=\"widget\" data-settings=\"{&quot;_animation&quot;:&quot;fadeIn&quot;}\" data-widget_type=\"image.default\">\n\t\t\t\t<div class=\"elementor-widget-container\">\n\t\t\t\t\t\t\t\t\t\t\t\t\t\t\t<img fetchpriority=\"high\" decoding=\"async\" width=\"800\" height=\"393\" src=\"https:\/\/gaborseregelyes.com\/wp-content\/uploads\/2025\/01\/about-1024x503.avif\" class=\"attachment-large size-large wp-image-147\" alt=\"\" srcset=\"https:\/\/gaborseregelyes.com\/wp-content\/uploads\/2025\/01\/about-1024x503.avif 1024w, https:\/\/gaborseregelyes.com\/wp-content\/uploads\/2025\/01\/about-300x147.avif 300w, https:\/\/gaborseregelyes.com\/wp-content\/uploads\/2025\/01\/about-768x377.avif 768w, https:\/\/gaborseregelyes.com\/wp-content\/uploads\/2025\/01\/about.avif 1410w\" sizes=\"(max-width: 800px) 100vw, 800px\" \/>\t\t\t\t\t\t\t\t\t\t\t\t\t\t\t<\/div>\n\t\t\t\t<\/div>\n\t\t\t\t<div class=\"elementor-element elementor-element-649a41a elementor-invisible elementor-widget elementor-widget-heading\" data-id=\"649a41a\" data-element_type=\"widget\" data-settings=\"{&quot;_animation&quot;:&quot;fadeIn&quot;}\" data-widget_type=\"heading.default\">\n\t\t\t\t<div class=\"elementor-widget-container\">\n\t\t\t\t\t<h1 class=\"elementor-heading-title elementor-size-default\">Ez az \u00e9n t\u00f6rt\u00e9netem...\n<\/h1>\t\t\t\t<\/div>\n\t\t\t\t<\/div>\n\t\t\t\t<div class=\"elementor-element elementor-element-ed282b6 elementor-widget elementor-widget-text-editor\" data-id=\"ed282b6\" data-element_type=\"widget\" data-widget_type=\"text-editor.default\">\n\t\t\t\t<div class=\"elementor-widget-container\">\n\t\t\t\t\t\t\t\t\t<p>Minden 10 \u00e9ve kezd\u0151d\u00f6tt Londonban, amikor az els\u0151 rang\u00fa renom\u00e9nak \u00f6rvend\u0151\u00a0<span style=\"text-decoration: underline;\"><a href=\"https:\/\/bubblefood.com\/\" target=\"_blank\" rel=\"noopener\">Bubble Food<\/a><\/span>\u00a0csapat\u00e1nak tagja voltam. \u00d6r\u00f6k h\u00e1l\u00e1val tartozom az akkori f\u0151n\u00f6k\u00f6mnek, Michael Collins-nak a f\u00e1radhatatlan t\u00e1mogat\u00e1s\u00e1\u00e9rt, \u0151 volt az, aki felfedezte a bennem rejl\u0151 tehets\u00e9get amikor m\u00e9g magam sem l\u00e1ttam. K\u00f6sz\u00f6nettel tartozom tov\u00e1bb\u00e1 R\u00e1cz Jen\u0151 bar\u00e1tomnak is, aki mindig mellettem \u00e1llt. Noha eleinte el\u0151fordult, hogy a legnagyobb igyekezetem ellen\u00e9re sem siker\u00fclt mindent a terveim szerint megval\u00f3s\u00edtani, de az inspir\u00e1l\u00f3 munkak\u00f6rnyezet tov\u00e1bb biztatott. A tanul\u00e1si v\u00e1gyam kiel\u00e9g\u00edt\u00e9se \u00e9rdek\u00e9ben a komoly kih\u00edv\u00e1st rejt\u0151 st\u00fadi\u00f3munk\u00e1k mellett minden szabadid\u0151met online workshopokon t\u00f6lt\u00f6ttem.<\/p><p>R\u00f6vid id\u0151 az \u00e9telfot\u00f3z\u00e1s \u00e9s a fot\u00f3z\u00e1s megsz\u00e1llottj\u00e1v\u00e1 v\u00e1ltam, egy id\u0151ben m\u00e9g saj\u00e1t kreat\u00edv eszk\u00f6z\u00f6ket is kre\u00e1ltam, hogy a k\u00e9p alatt t\u00f6k\u00e9letes\u00edtsem. A fot\u00f3m\u0171v\u00e9szet mai napig tart\u00f3 szeretete innen ered. 5 \u00e9ve m\u00e1r Magyarorsz\u00e1gon is kialakult az \u00fcgyf\u00e9lk\u00f6r\u00f6m \u00e9s b\u00fcszkes\u00e9ggel t\u00f6lt el, hogy olyan megrendel\u0151kkel is dolgozok, akik a maguk k\u00f6reiben kiemelked\u0151 szakmai elismer\u00e9sre tettek szert hazai nemzetk\u00f6zi szinten egyar\u00e1nt. A jelenem kih\u00edv\u00e1sa az \u00fajra \u00e9s \u00fajra \u00e1mulatba ejt\u0151 enteri\u0151r, valamint a term\u00e9k, t\u00e1rgy \u00e9s rekl\u00e1m fot\u00f3z\u00e1s, de \u00f6r\u00f6mmel k\u00e9sz\u00edtek gasztro \u00e9s rendezv\u00e9ny fot\u00f3kat is a kedves r\u00e9gi \u00e9s \u00faj \u00fcgyfeleimnek.<\/p>\t\t\t\t\t\t\t\t<\/div>\n\t\t\t\t<\/div>\n\t\t\t\t\t<\/div>\n\t\t<\/div>\n\t\t\t\t\t<\/div>\n\t\t<\/section>\n\t\t\t\t<\/div>","protected":false},"excerpt":{"rendered":"<p>This is My story\u2026 Everything started 10 years ago, when I was member of the first-rated\u00a0Bubble Food\u00a0team. I am thankful beyond to the my boss back in those days, Michael Collins, for his limitless support. He was the one who first saw the talent in me, which, even myself hasn\u2019t believed to be there at [&hellip;]<\/p>\n","protected":false},"author":1,"featured_media":0,"parent":0,"menu_order":0,"comment_status":"closed","ping_status":"closed","template":"","meta":{"footnotes":""},"class_list":["post-34","page","type-page","status-publish","hentry"],"yoast_head":"<!-- This site is optimized with the Yoast SEO Premium plugin v27.0 (Yoast SEO v27.0) - https:\/\/yoast.com\/product\/yoast-seo-premium-wordpress\/ -->\n<title>G\u00e1bor Sereg\u00e9lyes Photography Portfolio | Photographer Budapest<\/title>\n<meta name=\"description\" content=\"With 10 years of experience as a professional photographer, I invite you to get to know my story and vision through my captivating pictures. Let my photos speak for me and see the world through my lens!\" \/>\n<meta name=\"robots\" content=\"index, follow, max-snippet:-1, max-image-preview:large, max-video-preview:-1\" \/>\n<link rel=\"canonical\" href=\"https:\/\/gaborseregelyes.com\/hu\/about-me-gabor-seregelyes-photographer\/\" \/>\n<meta property=\"og:locale\" content=\"hu_HU\" \/>\n<meta property=\"og:type\" content=\"article\" \/>\n<meta property=\"og:title\" content=\"About\" \/>\n<meta property=\"og:description\" content=\"With 10 years of experience as a professional photographer, I invite you to get to know my story and vision through my captivating pictures. Let my photos speak for me and see the world through my lens!\" \/>\n<meta property=\"og:url\" content=\"https:\/\/gaborseregelyes.com\/hu\/about-me-gabor-seregelyes-photographer\/\" \/>\n<meta property=\"og:site_name\" content=\"Sereg\u00e9lyes G\u00e1bor Fotogr\u00e1fus\" \/>\n<meta property=\"article:modified_time\" content=\"2025-01-09T10:18:24+00:00\" \/>\n<meta property=\"og:image\" content=\"https:\/\/gaborseregelyes.com\/wp-content\/uploads\/2025\/01\/about-1024x503.avif\" \/>\n<meta name=\"twitter:card\" content=\"summary_large_image\" \/>\n<meta name=\"twitter:label1\" content=\"Becs\u00fclt olvas\u00e1si id\u0151\" \/>\n\t<meta name=\"twitter:data1\" content=\"2 perc\" \/>\n<script type=\"application\/ld+json\" class=\"yoast-schema-graph\">{\"@context\":\"https:\/\/schema.org\",\"@graph\":[{\"@type\":\"WebPage\",\"@id\":\"https:\/\/gaborseregelyes.com\/about-me-gabor-seregelyes-photographer\/\",\"url\":\"https:\/\/gaborseregelyes.com\/about-me-gabor-seregelyes-photographer\/\",\"name\":\"G\u00e1bor Sereg\u00e9lyes Photography Portfolio | Photographer Budapest\",\"isPartOf\":{\"@id\":\"https:\/\/gaborseregelyes.com\/#website\"},\"primaryImageOfPage\":{\"@id\":\"https:\/\/gaborseregelyes.com\/about-me-gabor-seregelyes-photographer\/#primaryimage\"},\"image\":{\"@id\":\"https:\/\/gaborseregelyes.com\/about-me-gabor-seregelyes-photographer\/#primaryimage\"},\"thumbnailUrl\":\"https:\/\/gaborseregelyes.com\/wp-content\/uploads\/2025\/01\/about-1024x503.avif\",\"datePublished\":\"2025-01-04T09:39:00+00:00\",\"dateModified\":\"2025-01-09T10:18:24+00:00\",\"description\":\"With 10 years of experience as a professional photographer, I invite you to get to know my story and vision through my captivating pictures. Let my photos speak for me and see the world through my lens!\",\"breadcrumb\":{\"@id\":\"https:\/\/gaborseregelyes.com\/about-me-gabor-seregelyes-photographer\/#breadcrumb\"},\"inLanguage\":\"hu\",\"potentialAction\":[{\"@type\":\"ReadAction\",\"target\":[\"https:\/\/gaborseregelyes.com\/about-me-gabor-seregelyes-photographer\/\"]}]},{\"@type\":\"ImageObject\",\"inLanguage\":\"hu\",\"@id\":\"https:\/\/gaborseregelyes.com\/about-me-gabor-seregelyes-photographer\/#primaryimage\",\"url\":\"https:\/\/gaborseregelyes.com\/wp-content\/uploads\/2025\/01\/about-1024x503.avif\",\"contentUrl\":\"https:\/\/gaborseregelyes.com\/wp-content\/uploads\/2025\/01\/about-1024x503.avif\"},{\"@type\":\"BreadcrumbList\",\"@id\":\"https:\/\/gaborseregelyes.com\/about-me-gabor-seregelyes-photographer\/#breadcrumb\",\"itemListElement\":[{\"@type\":\"ListItem\",\"position\":1,\"name\":\"Home\",\"item\":\"https:\/\/gaborseregelyes.com\/\"},{\"@type\":\"ListItem\",\"position\":2,\"name\":\"About\"}]},{\"@type\":\"WebSite\",\"@id\":\"https:\/\/gaborseregelyes.com\/#website\",\"url\":\"https:\/\/gaborseregelyes.com\/\",\"name\":\"Sereg\u00e9lyes G\u00e1bor Fotogr\u00e1fus\",\"description\":\"Experienced, professional photographer with a creative vision\",\"publisher\":{\"@id\":\"https:\/\/gaborseregelyes.com\/#organization\"},\"potentialAction\":[{\"@type\":\"SearchAction\",\"target\":{\"@type\":\"EntryPoint\",\"urlTemplate\":\"https:\/\/gaborseregelyes.com\/?s={search_term_string}\"},\"query-input\":{\"@type\":\"PropertyValueSpecification\",\"valueRequired\":true,\"valueName\":\"search_term_string\"}}],\"inLanguage\":\"hu\"},{\"@type\":\"Organization\",\"@id\":\"https:\/\/gaborseregelyes.com\/#organization\",\"name\":\"Sereg\u00e9lyes G\u00e1bor Fotogr\u00e1fus\",\"url\":\"https:\/\/gaborseregelyes.com\/\",\"logo\":{\"@type\":\"ImageObject\",\"inLanguage\":\"hu\",\"@id\":\"https:\/\/gaborseregelyes.com\/#\/schema\/logo\/image\/\",\"url\":\"https:\/\/gaborseregelyes.com\/wp-content\/uploads\/2025\/01\/alairas_logo_v3.png\",\"contentUrl\":\"https:\/\/gaborseregelyes.com\/wp-content\/uploads\/2025\/01\/alairas_logo_v3.png\",\"width\":492,\"height\":180,\"caption\":\"Sereg\u00e9lyes G\u00e1bor Fotogr\u00e1fus\"},\"image\":{\"@id\":\"https:\/\/gaborseregelyes.com\/#\/schema\/logo\/image\/\"}}]}<\/script>\n<!-- \/ Yoast SEO Premium plugin. -->","yoast_head_json":{"title":"G\u00e1bor Sereg\u00e9lyes Photography Portfolio | Photographer Budapest","description":"With 10 years of experience as a professional photographer, I invite you to get to know my story and vision through my captivating pictures. Let my photos speak for me and see the world through my lens!","robots":{"index":"index","follow":"follow","max-snippet":"max-snippet:-1","max-image-preview":"max-image-preview:large","max-video-preview":"max-video-preview:-1"},"canonical":"https:\/\/gaborseregelyes.com\/hu\/about-me-gabor-seregelyes-photographer\/","og_locale":"hu_HU","og_type":"article","og_title":"About","og_description":"With 10 years of experience as a professional photographer, I invite you to get to know my story and vision through my captivating pictures. Let my photos speak for me and see the world through my lens!","og_url":"https:\/\/gaborseregelyes.com\/hu\/about-me-gabor-seregelyes-photographer\/","og_site_name":"Sereg\u00e9lyes G\u00e1bor Fotogr\u00e1fus","article_modified_time":"2025-01-09T10:18:24+00:00","og_image":[{"url":"https:\/\/gaborseregelyes.com\/wp-content\/uploads\/2025\/01\/about-1024x503.avif","type":"","width":"","height":""}],"twitter_card":"summary_large_image","twitter_misc":{"Becs\u00fclt olvas\u00e1si id\u0151":"2 perc"},"schema":{"@context":"https:\/\/schema.org","@graph":[{"@type":"WebPage","@id":"https:\/\/gaborseregelyes.com\/about-me-gabor-seregelyes-photographer\/","url":"https:\/\/gaborseregelyes.com\/about-me-gabor-seregelyes-photographer\/","name":"G\u00e1bor Sereg\u00e9lyes Photography Portfolio | Photographer Budapest","isPartOf":{"@id":"https:\/\/gaborseregelyes.com\/#website"},"primaryImageOfPage":{"@id":"https:\/\/gaborseregelyes.com\/about-me-gabor-seregelyes-photographer\/#primaryimage"},"image":{"@id":"https:\/\/gaborseregelyes.com\/about-me-gabor-seregelyes-photographer\/#primaryimage"},"thumbnailUrl":"https:\/\/gaborseregelyes.com\/wp-content\/uploads\/2025\/01\/about-1024x503.avif","datePublished":"2025-01-04T09:39:00+00:00","dateModified":"2025-01-09T10:18:24+00:00","description":"With 10 years of experience as a professional photographer, I invite you to get to know my story and vision through my captivating pictures. Let my photos speak for me and see the world through my lens!","breadcrumb":{"@id":"https:\/\/gaborseregelyes.com\/about-me-gabor-seregelyes-photographer\/#breadcrumb"},"inLanguage":"hu","potentialAction":[{"@type":"ReadAction","target":["https:\/\/gaborseregelyes.com\/about-me-gabor-seregelyes-photographer\/"]}]},{"@type":"ImageObject","inLanguage":"hu","@id":"https:\/\/gaborseregelyes.com\/about-me-gabor-seregelyes-photographer\/#primaryimage","url":"https:\/\/gaborseregelyes.com\/wp-content\/uploads\/2025\/01\/about-1024x503.avif","contentUrl":"https:\/\/gaborseregelyes.com\/wp-content\/uploads\/2025\/01\/about-1024x503.avif"},{"@type":"BreadcrumbList","@id":"https:\/\/gaborseregelyes.com\/about-me-gabor-seregelyes-photographer\/#breadcrumb","itemListElement":[{"@type":"ListItem","position":1,"name":"Home","item":"https:\/\/gaborseregelyes.com\/"},{"@type":"ListItem","position":2,"name":"About"}]},{"@type":"WebSite","@id":"https:\/\/gaborseregelyes.com\/#website","url":"https:\/\/gaborseregelyes.com\/","name":"Sereg\u00e9lyes G\u00e1bor Fotogr\u00e1fus","description":"Experienced, professional photographer with a creative vision","publisher":{"@id":"https:\/\/gaborseregelyes.com\/#organization"},"potentialAction":[{"@type":"SearchAction","target":{"@type":"EntryPoint","urlTemplate":"https:\/\/gaborseregelyes.com\/?s={search_term_string}"},"query-input":{"@type":"PropertyValueSpecification","valueRequired":true,"valueName":"search_term_string"}}],"inLanguage":"hu"},{"@type":"Organization","@id":"https:\/\/gaborseregelyes.com\/#organization","name":"Sereg\u00e9lyes G\u00e1bor Fotogr\u00e1fus","url":"https:\/\/gaborseregelyes.com\/","logo":{"@type":"ImageObject","inLanguage":"hu","@id":"https:\/\/gaborseregelyes.com\/#\/schema\/logo\/image\/","url":"https:\/\/gaborseregelyes.com\/wp-content\/uploads\/2025\/01\/alairas_logo_v3.png","contentUrl":"https:\/\/gaborseregelyes.com\/wp-content\/uploads\/2025\/01\/alairas_logo_v3.png","width":492,"height":180,"caption":"Sereg\u00e9lyes G\u00e1bor Fotogr\u00e1fus"},"image":{"@id":"https:\/\/gaborseregelyes.com\/#\/schema\/logo\/image\/"}}]}},"_links":{"self":[{"href":"https:\/\/gaborseregelyes.com\/hu\/wp-json\/wp\/v2\/pages\/34","targetHints":{"allow":["GET"]}}],"collection":[{"href":"https:\/\/gaborseregelyes.com\/hu\/wp-json\/wp\/v2\/pages"}],"about":[{"href":"https:\/\/gaborseregelyes.com\/hu\/wp-json\/wp\/v2\/types\/page"}],"author":[{"embeddable":true,"href":"https:\/\/gaborseregelyes.com\/hu\/wp-json\/wp\/v2\/users\/1"}],"replies":[{"embeddable":true,"href":"https:\/\/gaborseregelyes.com\/hu\/wp-json\/wp\/v2\/comments?post=34"}],"version-history":[{"count":58,"href":"https:\/\/gaborseregelyes.com\/hu\/wp-json\/wp\/v2\/pages\/34\/revisions"}],"predecessor-version":[{"id":888,"href":"https:\/\/gaborseregelyes.com\/hu\/wp-json\/wp\/v2\/pages\/34\/revisions\/888"}],"wp:attachment":[{"href":"https:\/\/gaborseregelyes.com\/hu\/wp-json\/wp\/v2\/media?parent=34"}],"curies":[{"name":"wp","href":"https:\/\/api.w.org\/{rel}","templated":true}]}}